{"id":506,"date":"2025-05-16T08:23:17","date_gmt":"2025-05-16T08:23:17","guid":{"rendered":"https:\/\/new.roundoffice.ch\/?post_type=realisations&#038;p=506"},"modified":"2026-03-30T10:27:42","modified_gmt":"2026-03-30T10:27:42","slug":"amenagement-entreprise","status":"publish","type":"realisations","link":"https:\/\/new.roundoffice.ch\/en\/realisations\/amenagement-entreprise\/","title":{"rendered":"Am\u00e9nagement entreprise"},"content":{"rendered":"<p>&nbsp;<\/p>\n<p><em><span class=\"break-words\"><span dir=\"ltr\">Conseiller commercial\u00a0 : Giovanni Pisanello<\/span><\/span><\/em><br \/>\n<em><span class=\"break-words\"><span dir=\"ltr\">Architecte-dessinateur :\u00a0Jos\u00e9 Carvalho<br \/>\n<\/span><\/span><\/em><\/p>\n<p><em><span class=\"break-words\"><span dir=\"ltr\">Photographie : Jos\u00e9 Carvalho<br \/>\n<\/span><\/span><\/em><\/p>\n<p><span class=\"break-words\"><span dir=\"ltr\">Avec l&#8217;ambition de r\u00e9inventer leurs espaces pour les rendre plus flexibles, le Groupe Pharmacie Populaire a fait confiance aux conseils de notre expert Giovanni Pisanello pour l&#8217;agencement de plusieurs espaces : collaboratif, de concentration, confidentiels, silence, meeting, salons d&#8217;accueil, caf\u00e9t\u00e9rias.<\/span><\/span><\/p>\n<p>Gr\u00e2ce aux plans 3D con\u00e7us par Jos\u00e9 Carvalho, architecte dessinateur chez Round Office SA Office, la qualit\u00e9 de services que fournit le Groupe Pharmacie Populaire se ressent dans le choix du mobilier. Les collaborateurs \u0153uvrent d\u00e9sormais dans un espace de travail &#8220;flexoffice&#8221;, confortable et design.<\/p>\n<p>Les mat\u00e9riaux, les coloris et le mobilier ont \u00e9t\u00e9 scrupuleusement s\u00e9lectionn\u00e9s en accord avec les attentes et les besoins de notre client et sur les conseils de nos sp\u00e9cialistes, \u00e0 savoir :<\/p>\n<p>\u2022\u00a0Meuble de rangement, meuble sur mesure, bureaux collaborateurs USM Syst\u00e8mes d&#8217;am\u00e9nagement<br \/>\n\u2022 Panneau acoustique personnalis\u00e9 ARTECK<br \/>\n\u2022 Cloisons acoustiques s\u00e9paratrices et bureau 4 places NARBUTAS<br \/>\n\u2022 Si\u00e8ges collaborateur Interstuhl<br \/>\n\u2022\u00a0Caissons amovibles Bisley Furniture<br \/>\n\u2022 Table basse et fauteuils HAY<br \/>\n\u2022 Table de r\u00e9union Wilkhahn<br \/>\n\u2022\u00a0Si\u00e8ges de r\u00e9union Girsberger<\/p>\n","protected":false},"featured_media":5026,"template":"","class_list":["post-506","realisations","type-realisations","status-publish","has-post-thumbnail","hentry"],"acf":[],"yoast_head":"<!-- This site is optimized with the Yoast SEO plugin v27.4 - https:\/\/yoast.com\/product\/yoast-seo-wordpress\/ -->\n<title>Portfolio Am\u00e9nagement &amp; Mobilier Professionnel | Round Office<\/title>\n<meta name=\"description\" content=\"Explorez nos r\u00e9alisations \u00e0 Gen\u00e8ve : mobilier design, ergonomique et sur mesure pour bureaux professionnels\" \/>\n<meta name=\"robots\" content=\"noindex, follow, max-snippet:-1, max-image-preview:large, max-video-preview:-1\" \/>\n<meta property=\"og:locale\" content=\"en_US\" \/>\n<meta property=\"og:type\" content=\"article\" \/>\n<meta property=\"og:title\" content=\"Portfolio Am\u00e9nagement &amp; Mobilier Professionnel | Round Office\" \/>\n<meta property=\"og:description\" content=\"Explorez nos r\u00e9alisations \u00e0 Gen\u00e8ve : mobilier design, ergonomique et sur mesure pour bureaux professionnels\" \/>\n<meta property=\"og:url\" content=\"https:\/\/new.roundoffice.ch\/en\/realisations\/amenagement-entreprise\/\" \/>\n<meta property=\"og:site_name\" content=\"Round Office\" \/>\n<meta property=\"article:modified_time\" content=\"2026-03-30T10:27:42+00:00\" \/>\n<meta property=\"og:image\" content=\"https:\/\/new.roundoffice.ch\/wp-content\/uploads\/2025\/05\/PharmaciePopulaire-19-1024x683.jpg\" \/>\n\t<meta property=\"og:image:width\" content=\"1024\" \/>\n\t<meta property=\"og:image:height\" content=\"683\" \/>\n\t<meta property=\"og:image:type\" content=\"image\/jpeg\" \/>\n<meta name=\"twitter:card\" content=\"summary_large_image\" \/>\n<meta name=\"twitter:label1\" content=\"Est. reading time\" \/>\n\t<meta name=\"twitter:data1\" content=\"2 minutes\" \/>\n<script type=\"application\/ld+json\" class=\"yoast-schema-graph\">{\"@context\":\"https:\\\/\\\/schema.org\",\"@graph\":[{\"@type\":\"WebPage\",\"@id\":\"https:\\\/\\\/new.roundoffice.ch\\\/en\\\/realisations\\\/amenagement-entreprise\\\/\",\"url\":\"https:\\\/\\\/new.roundoffice.ch\\\/en\\\/realisations\\\/amenagement-entreprise\\\/\",\"name\":\"Portfolio Am\u00e9nagement & Mobilier Professionnel | Round Office\",\"isPartOf\":{\"@id\":\"https:\\\/\\\/new.roundoffice.ch\\\/en\\\/#website\"},\"primaryImageOfPage\":{\"@id\":\"https:\\\/\\\/new.roundoffice.ch\\\/en\\\/realisations\\\/amenagement-entreprise\\\/#primaryimage\"},\"image\":{\"@id\":\"https:\\\/\\\/new.roundoffice.ch\\\/en\\\/realisations\\\/amenagement-entreprise\\\/#primaryimage\"},\"thumbnailUrl\":\"https:\\\/\\\/new.roundoffice.ch\\\/wp-content\\\/uploads\\\/2025\\\/05\\\/PharmaciePopulaire-19.jpg\",\"datePublished\":\"2025-05-16T08:23:17+00:00\",\"dateModified\":\"2026-03-30T10:27:42+00:00\",\"description\":\"Explorez nos r\u00e9alisations \u00e0 Gen\u00e8ve : mobilier design, ergonomique et sur mesure pour bureaux professionnels\",\"breadcrumb\":{\"@id\":\"https:\\\/\\\/new.roundoffice.ch\\\/en\\\/realisations\\\/amenagement-entreprise\\\/#breadcrumb\"},\"inLanguage\":\"en-US\",\"potentialAction\":[{\"@type\":\"ReadAction\",\"target\":[\"https:\\\/\\\/new.roundoffice.ch\\\/en\\\/realisations\\\/amenagement-entreprise\\\/\"]}]},{\"@type\":\"ImageObject\",\"inLanguage\":\"en-US\",\"@id\":\"https:\\\/\\\/new.roundoffice.ch\\\/en\\\/realisations\\\/amenagement-entreprise\\\/#primaryimage\",\"url\":\"https:\\\/\\\/new.roundoffice.ch\\\/wp-content\\\/uploads\\\/2025\\\/05\\\/PharmaciePopulaire-19.jpg\",\"contentUrl\":\"https:\\\/\\\/new.roundoffice.ch\\\/wp-content\\\/uploads\\\/2025\\\/05\\\/PharmaciePopulaire-19.jpg\",\"width\":1600,\"height\":1068},{\"@type\":\"BreadcrumbList\",\"@id\":\"https:\\\/\\\/new.roundoffice.ch\\\/en\\\/realisations\\\/amenagement-entreprise\\\/#breadcrumb\",\"itemListElement\":[{\"@type\":\"ListItem\",\"position\":1,\"name\":\"Home\",\"item\":\"https:\\\/\\\/new.roundoffice.ch\\\/en\\\/\"},{\"@type\":\"ListItem\",\"position\":2,\"name\":\"R\u00e9alisations\",\"item\":\"https:\\\/\\\/new.roundoffice.ch\\\/en\\\/realisations\\\/\"},{\"@type\":\"ListItem\",\"position\":3,\"name\":\"Am\u00e9nagement entreprise\"}]},{\"@type\":\"WebSite\",\"@id\":\"https:\\\/\\\/new.roundoffice.ch\\\/en\\\/#website\",\"url\":\"https:\\\/\\\/new.roundoffice.ch\\\/en\\\/\",\"name\":\"Round Office\",\"description\":\"\",\"publisher\":{\"@id\":\"https:\\\/\\\/new.roundoffice.ch\\\/en\\\/#organization\"},\"potentialAction\":[{\"@type\":\"SearchAction\",\"target\":{\"@type\":\"EntryPoint\",\"urlTemplate\":\"https:\\\/\\\/new.roundoffice.ch\\\/en\\\/?s={search_term_string}\"},\"query-input\":{\"@type\":\"PropertyValueSpecification\",\"valueRequired\":true,\"valueName\":\"search_term_string\"}}],\"inLanguage\":\"en-US\"},{\"@type\":\"Organization\",\"@id\":\"https:\\\/\\\/new.roundoffice.ch\\\/en\\\/#organization\",\"name\":\"Round Office\",\"url\":\"https:\\\/\\\/new.roundoffice.ch\\\/en\\\/\",\"logo\":{\"@type\":\"ImageObject\",\"inLanguage\":\"en-US\",\"@id\":\"https:\\\/\\\/new.roundoffice.ch\\\/en\\\/#\\\/schema\\\/logo\\\/image\\\/\",\"url\":\"https:\\\/\\\/new.roundoffice.ch\\\/wp-content\\\/uploads\\\/2025\\\/05\\\/logo.svg\",\"contentUrl\":\"https:\\\/\\\/new.roundoffice.ch\\\/wp-content\\\/uploads\\\/2025\\\/05\\\/logo.svg\",\"caption\":\"Round Office\"},\"image\":{\"@id\":\"https:\\\/\\\/new.roundoffice.ch\\\/en\\\/#\\\/schema\\\/logo\\\/image\\\/\"}}]}<\/script>\n<!-- \/ Yoast SEO plugin. -->","yoast_head_json":{"title":"Portfolio Am\u00e9nagement & Mobilier Professionnel | Round Office","description":"Explorez nos r\u00e9alisations \u00e0 Gen\u00e8ve : mobilier design, ergonomique et sur mesure pour bureaux professionnels","robots":{"index":"noindex","follow":"follow","max-snippet":"max-snippet:-1","max-image-preview":"max-image-preview:large","max-video-preview":"max-video-preview:-1"},"og_locale":"en_US","og_type":"article","og_title":"Portfolio Am\u00e9nagement & Mobilier Professionnel | Round Office","og_description":"Explorez nos r\u00e9alisations \u00e0 Gen\u00e8ve : mobilier design, ergonomique et sur mesure pour bureaux professionnels","og_url":"https:\/\/new.roundoffice.ch\/en\/realisations\/amenagement-entreprise\/","og_site_name":"Round Office","article_modified_time":"2026-03-30T10:27:42+00:00","og_image":[{"width":1024,"height":683,"url":"https:\/\/new.roundoffice.ch\/wp-content\/uploads\/2025\/05\/PharmaciePopulaire-19-1024x683.jpg","type":"image\/jpeg"}],"twitter_card":"summary_large_image","twitter_misc":{"Est. reading time":"2 minutes"},"schema":{"@context":"https:\/\/schema.org","@graph":[{"@type":"WebPage","@id":"https:\/\/new.roundoffice.ch\/en\/realisations\/amenagement-entreprise\/","url":"https:\/\/new.roundoffice.ch\/en\/realisations\/amenagement-entreprise\/","name":"Portfolio Am\u00e9nagement & Mobilier Professionnel | Round Office","isPartOf":{"@id":"https:\/\/new.roundoffice.ch\/en\/#website"},"primaryImageOfPage":{"@id":"https:\/\/new.roundoffice.ch\/en\/realisations\/amenagement-entreprise\/#primaryimage"},"image":{"@id":"https:\/\/new.roundoffice.ch\/en\/realisations\/amenagement-entreprise\/#primaryimage"},"thumbnailUrl":"https:\/\/new.roundoffice.ch\/wp-content\/uploads\/2025\/05\/PharmaciePopulaire-19.jpg","datePublished":"2025-05-16T08:23:17+00:00","dateModified":"2026-03-30T10:27:42+00:00","description":"Explorez nos r\u00e9alisations \u00e0 Gen\u00e8ve : mobilier design, ergonomique et sur mesure pour bureaux professionnels","breadcrumb":{"@id":"https:\/\/new.roundoffice.ch\/en\/realisations\/amenagement-entreprise\/#breadcrumb"},"inLanguage":"en-US","potentialAction":[{"@type":"ReadAction","target":["https:\/\/new.roundoffice.ch\/en\/realisations\/amenagement-entreprise\/"]}]},{"@type":"ImageObject","inLanguage":"en-US","@id":"https:\/\/new.roundoffice.ch\/en\/realisations\/amenagement-entreprise\/#primaryimage","url":"https:\/\/new.roundoffice.ch\/wp-content\/uploads\/2025\/05\/PharmaciePopulaire-19.jpg","contentUrl":"https:\/\/new.roundoffice.ch\/wp-content\/uploads\/2025\/05\/PharmaciePopulaire-19.jpg","width":1600,"height":1068},{"@type":"BreadcrumbList","@id":"https:\/\/new.roundoffice.ch\/en\/realisations\/amenagement-entreprise\/#breadcrumb","itemListElement":[{"@type":"ListItem","position":1,"name":"Home","item":"https:\/\/new.roundoffice.ch\/en\/"},{"@type":"ListItem","position":2,"name":"R\u00e9alisations","item":"https:\/\/new.roundoffice.ch\/en\/realisations\/"},{"@type":"ListItem","position":3,"name":"Am\u00e9nagement entreprise"}]},{"@type":"WebSite","@id":"https:\/\/new.roundoffice.ch\/en\/#website","url":"https:\/\/new.roundoffice.ch\/en\/","name":"Round Office","description":"","publisher":{"@id":"https:\/\/new.roundoffice.ch\/en\/#organization"},"potentialAction":[{"@type":"SearchAction","target":{"@type":"EntryPoint","urlTemplate":"https:\/\/new.roundoffice.ch\/en\/?s={search_term_string}"},"query-input":{"@type":"PropertyValueSpecification","valueRequired":true,"valueName":"search_term_string"}}],"inLanguage":"en-US"},{"@type":"Organization","@id":"https:\/\/new.roundoffice.ch\/en\/#organization","name":"Round Office","url":"https:\/\/new.roundoffice.ch\/en\/","logo":{"@type":"ImageObject","inLanguage":"en-US","@id":"https:\/\/new.roundoffice.ch\/en\/#\/schema\/logo\/image\/","url":"https:\/\/new.roundoffice.ch\/wp-content\/uploads\/2025\/05\/logo.svg","contentUrl":"https:\/\/new.roundoffice.ch\/wp-content\/uploads\/2025\/05\/logo.svg","caption":"Round Office"},"image":{"@id":"https:\/\/new.roundoffice.ch\/en\/#\/schema\/logo\/image\/"}}]}},"_links":{"self":[{"href":"https:\/\/new.roundoffice.ch\/en\/wp-json\/wp\/v2\/realisations\/506","targetHints":{"allow":["GET"]}}],"collection":[{"href":"https:\/\/new.roundoffice.ch\/en\/wp-json\/wp\/v2\/realisations"}],"about":[{"href":"https:\/\/new.roundoffice.ch\/en\/wp-json\/wp\/v2\/types\/realisations"}],"version-history":[{"count":10,"href":"https:\/\/new.roundoffice.ch\/en\/wp-json\/wp\/v2\/realisations\/506\/revisions"}],"predecessor-version":[{"id":5977,"href":"https:\/\/new.roundoffice.ch\/en\/wp-json\/wp\/v2\/realisations\/506\/revisions\/5977"}],"wp:featuredmedia":[{"embeddable":true,"href":"https:\/\/new.roundoffice.ch\/en\/wp-json\/wp\/v2\/media\/5026"}],"wp:attachment":[{"href":"https:\/\/new.roundoffice.ch\/en\/wp-json\/wp\/v2\/media?parent=506"}],"curies":[{"name":"wp","href":"https:\/\/api.w.org\/{rel}","templated":true}]}}