{"id":508,"date":"2025-05-16T08:23:28","date_gmt":"2025-05-16T08:23:28","guid":{"rendered":"https:\/\/new.roundoffice.ch\/?post_type=realisations&#038;p=508"},"modified":"2026-03-30T10:17:48","modified_gmt":"2026-03-30T10:17:48","slug":"salle-de-conference","status":"publish","type":"realisations","link":"https:\/\/new.roundoffice.ch\/en\/realisations\/salle-de-conference\/","title":{"rendered":"BUREAU DE DIRECTION"},"content":{"rendered":"<p data-start=\"147\" data-end=\"405\"><em><span class=\"break-words\"><span dir=\"ltr\">Conseiller commercial\u00a0 : Giovanni Pisanello<\/span><\/span><\/em><br \/>\n<em><span class=\"break-words\"><span dir=\"ltr\">Architecte-dessinateur : Sophie Lacarelle<\/span><\/span><\/em><\/p>\n<p data-start=\"147\" data-end=\"405\"><span class=\"BZ_Pyq_fadeIn\">Ce <\/span><span class=\"BZ_Pyq_fadeIn\">bureau <\/span><span class=\"BZ_Pyq_fadeIn\">de <\/span><span class=\"BZ_Pyq_fadeIn\">direction <\/span><span class=\"BZ_Pyq_fadeIn\">allie <\/span><strong data-start=\"176\" data-end=\"219\"><span class=\"BZ_Pyq_fadeIn\">\u00e9l\u00e9gance, <\/span><span class=\"BZ_Pyq_fadeIn\">fonctionnalit\u00e9 <\/span><span class=\"BZ_Pyq_fadeIn\">et <\/span><span class=\"BZ_Pyq_fadeIn\">raffinement<\/span><\/strong><span class=\"BZ_Pyq_fadeIn\">. <\/span><span class=\"BZ_Pyq_fadeIn\">Il <\/span><span class=\"BZ_Pyq_fadeIn\">int\u00e8gre <\/span><span class=\"BZ_Pyq_fadeIn\">un <\/span><strong data-start=\"235\" data-end=\"253\"><span class=\"BZ_Pyq_fadeIn\">espace <\/span><span class=\"BZ_Pyq_fadeIn\">r\u00e9union<\/span><\/strong> <span class=\"BZ_Pyq_fadeIn\">autour <\/span><span class=\"BZ_Pyq_fadeIn\">d\u2019une <strong>table<\/strong><\/span><strong data-start=\"267\" data-end=\"304\"><span class=\"BZ_Pyq_fadeIn\">\u00a0<\/span><span class=\"BZ_Pyq_fadeIn\">de <\/span><span class=\"BZ_Pyq_fadeIn\">conf\u00e9rence <\/span><span class=\"BZ_Pyq_fadeIn\">Mobimex<\/span><\/strong><span class=\"BZ_Pyq_fadeIn\">, <\/span><span class=\"BZ_Pyq_fadeIn\">id\u00e9ale <\/span><span class=\"BZ_Pyq_fadeIn\">pour <\/span><span class=\"BZ_Pyq_fadeIn\">accueillir <\/span><span class=\"BZ_Pyq_fadeIn\">des <\/span><span class=\"BZ_Pyq_fadeIn\">r\u00e9unions <\/span><span class=\"BZ_Pyq_fadeIn\">strat\u00e9giques <\/span><span class=\"BZ_Pyq_fadeIn\">ou <\/span><span class=\"BZ_Pyq_fadeIn\">des <\/span><span class=\"BZ_Pyq_fadeIn\">moments <\/span><span class=\"BZ_Pyq_fadeIn\">de <\/span><span class=\"BZ_Pyq_fadeIn\">collaboration <\/span><span class=\"BZ_Pyq_fadeIn\">en <\/span><span class=\"BZ_Pyq_fadeIn\">petit <\/span><span class=\"BZ_Pyq_fadeIn\">comit\u00e9.<\/span><\/p>\n<p data-start=\"407\" data-end=\"708\"><span class=\"BZ_Pyq_fadeIn\">Le bureau de direction<\/span>\u00a0<span class=\"BZ_Pyq_fadeIn\">est <\/span><span class=\"BZ_Pyq_fadeIn\">\u00e9quip\u00e9 <\/span><span class=\"BZ_Pyq_fadeIn\">d\u2019un <\/span><strong data-start=\"460\" data-end=\"508\"><span class=\"BZ_Pyq_fadeIn\">bureau <\/span><span class=\"BZ_Pyq_fadeIn\">complet <\/span><span class=\"BZ_Pyq_fadeIn\">avec <\/span><span class=\"BZ_Pyq_fadeIn\">caisson<\/span><\/strong><span class=\"BZ_Pyq_fadeIn\">, <\/span><span class=\"BZ_Pyq_fadeIn\">alliant <\/span><span class=\"BZ_Pyq_fadeIn\">praticit\u00e9 <\/span><span class=\"BZ_Pyq_fadeIn\">et <\/span><span class=\"BZ_Pyq_fadeIn\">style. <\/span><span class=\"BZ_Pyq_fadeIn\">Chaque <\/span><span class=\"BZ_Pyq_fadeIn\">\u00e9l\u00e9ment <\/span><span class=\"BZ_Pyq_fadeIn\">a <\/span><span class=\"BZ_Pyq_fadeIn\">\u00e9t\u00e9 <\/span><span class=\"BZ_Pyq_fadeIn\">soigneusement <\/span><span class=\"BZ_Pyq_fadeIn\">choisi <\/span><span class=\"BZ_Pyq_fadeIn\">pour <\/span><span class=\"BZ_Pyq_fadeIn\">offrir <\/span><span class=\"BZ_Pyq_fadeIn\">un <\/span><strong data-start=\"595\" data-end=\"644\"><span class=\"BZ_Pyq_fadeIn\">\u00e9quilibre <\/span><span class=\"BZ_Pyq_fadeIn\">parfait <\/span><span class=\"BZ_Pyq_fadeIn\">entre <\/span><span class=\"BZ_Pyq_fadeIn\">confort <\/span><span class=\"BZ_Pyq_fadeIn\">et <\/span><span class=\"BZ_Pyq_fadeIn\">efficacit\u00e9<\/span><\/strong><span class=\"BZ_Pyq_fadeIn\">, <\/span><span class=\"BZ_Pyq_fadeIn\">tout <\/span><span class=\"BZ_Pyq_fadeIn\">en <\/span><span class=\"BZ_Pyq_fadeIn\">conservant <\/span><span class=\"BZ_Pyq_fadeIn\">une <\/span><strong data-start=\"669\" data-end=\"705\"><span class=\"BZ_Pyq_fadeIn\">esth\u00e9tique <\/span><span class=\"BZ_Pyq_fadeIn\">\u00e9pur\u00e9e <\/span><span class=\"BZ_Pyq_fadeIn\">et <\/span><span class=\"BZ_Pyq_fadeIn\">harmonieuse<\/span><\/strong><span class=\"BZ_Pyq_fadeIn\">.<\/span><\/p>\n<p data-start=\"710\" data-end=\"899\"><span class=\"BZ_Pyq_fadeIn\">Pour <\/span><span class=\"BZ_Pyq_fadeIn\">une <\/span><span class=\"BZ_Pyq_fadeIn\">touche <\/span><span class=\"BZ_Pyq_fadeIn\">unique <\/span><span class=\"BZ_Pyq_fadeIn\">et <\/span><span class=\"BZ_Pyq_fadeIn\">sophistiqu\u00e9e, <\/span><span class=\"BZ_Pyq_fadeIn\">une <\/span><strong data-start=\"754\" data-end=\"794\"><span class=\"BZ_Pyq_fadeIn\">cave <\/span><span class=\"BZ_Pyq_fadeIn\">\u00e0 <\/span><span class=\"BZ_Pyq_fadeIn\">vin <\/span><span class=\"BZ_Pyq_fadeIn\">sur <\/span><span class=\"BZ_Pyq_fadeIn\">mesure <\/span><span class=\"BZ_Pyq_fadeIn\">en <\/span><span class=\"BZ_Pyq_fadeIn\">modules <\/span><span class=\"BZ_Pyq_fadeIn\">USM<\/span><\/strong> <span class=\"BZ_Pyq_fadeIn\">compl\u00e8te <\/span><span class=\"BZ_Pyq_fadeIn\">l\u2019am\u00e9nagement, <\/span><span class=\"BZ_Pyq_fadeIn\">offrant <\/span><span class=\"BZ_Pyq_fadeIn\">un <\/span><span class=\"BZ_Pyq_fadeIn\">rangement <\/span><span class=\"BZ_Pyq_fadeIn\">optimal <\/span><span class=\"BZ_Pyq_fadeIn\">tout <\/span><span class=\"BZ_Pyq_fadeIn\">en <\/span><span class=\"BZ_Pyq_fadeIn\">sublimant <\/span><span class=\"BZ_Pyq_fadeIn\">le <\/span><span class=\"BZ_Pyq_fadeIn\">design <\/span><span class=\"BZ_Pyq_fadeIn\">iconique <\/span><span class=\"BZ_Pyq_fadeIn\">des <\/span><span class=\"BZ_Pyq_fadeIn\">espaces.<\/span><\/p>\n<p data-start=\"901\" data-end=\"1109\"><span class=\"BZ_Pyq_fadeIn\">L\u2019ensemble <\/span><span class=\"BZ_Pyq_fadeIn\">transforme <\/span><span class=\"BZ_Pyq_fadeIn\">le <\/span><span class=\"BZ_Pyq_fadeIn\">bureau <\/span><span class=\"BZ_Pyq_fadeIn\">en <\/span><span class=\"BZ_Pyq_fadeIn\">un <\/span><span class=\"BZ_Pyq_fadeIn\">lieu <\/span><span class=\"BZ_Pyq_fadeIn\">\u00e0 <\/span><span class=\"BZ_Pyq_fadeIn\">la <\/span><span class=\"BZ_Pyq_fadeIn\">fois <\/span><strong data-start=\"954\" data-end=\"995\"><span class=\"BZ_Pyq_fadeIn\">professionnel, <\/span><span class=\"BZ_Pyq_fadeIn\">convivial <\/span><span class=\"BZ_Pyq_fadeIn\">et <\/span><span class=\"BZ_Pyq_fadeIn\">inspirant<\/span><\/strong><span class=\"BZ_Pyq_fadeIn\">, <\/span><span class=\"BZ_Pyq_fadeIn\">o\u00f9 <\/span><strong data-start=\"1000\" data-end=\"1039\"><span class=\"BZ_Pyq_fadeIn\">organisation, <\/span><span class=\"BZ_Pyq_fadeIn\">\u00e9l\u00e9gance <\/span><span class=\"BZ_Pyq_fadeIn\">et <\/span><span class=\"BZ_Pyq_fadeIn\">caract\u00e8re<\/span><\/strong> <span class=\"BZ_Pyq_fadeIn\">se <\/span><span class=\"BZ_Pyq_fadeIn\">rencontrent <\/span><span class=\"BZ_Pyq_fadeIn\">pour <\/span><span class=\"BZ_Pyq_fadeIn\">cr\u00e9er <\/span><span class=\"BZ_Pyq_fadeIn\">une <\/span><span class=\"BZ_Pyq_fadeIn\">exp\u00e9rience <\/span><span class=\"BZ_Pyq_fadeIn\">de <\/span><span class=\"BZ_Pyq_fadeIn\">travail <\/span><span class=\"BZ_Pyq_fadeIn\">exceptionnelle.<\/span><\/p>\n","protected":false},"featured_media":5888,"template":"","class_list":["post-508","realisations","type-realisations","status-publish","has-post-thumbnail","hentry"],"acf":[],"yoast_head":"<!-- This site is optimized with the Yoast SEO plugin v27.4 - https:\/\/yoast.com\/product\/yoast-seo-wordpress\/ -->\n<title>Portfolio Am\u00e9nagement &amp; Mobilier Professionnel | Round Office<\/title>\n<meta name=\"description\" content=\"Explorez nos r\u00e9alisations \u00e0 Gen\u00e8ve : mobilier design, ergonomique et sur mesure pour bureaux professionnels\" \/>\n<meta name=\"robots\" content=\"noindex, follow, max-snippet:-1, max-image-preview:large, max-video-preview:-1\" \/>\n<meta property=\"og:locale\" content=\"en_US\" \/>\n<meta property=\"og:type\" content=\"article\" \/>\n<meta property=\"og:title\" content=\"Portfolio Am\u00e9nagement &amp; Mobilier Professionnel | Round Office\" \/>\n<meta property=\"og:description\" content=\"Explorez nos r\u00e9alisations \u00e0 Gen\u00e8ve : mobilier design, ergonomique et sur mesure pour bureaux professionnels\" \/>\n<meta property=\"og:url\" content=\"https:\/\/new.roundoffice.ch\/en\/realisations\/salle-de-conference\/\" \/>\n<meta property=\"og:site_name\" content=\"Round Office\" \/>\n<meta property=\"article:modified_time\" content=\"2026-03-30T10:17:48+00:00\" \/>\n<meta property=\"og:image\" content=\"https:\/\/new.roundoffice.ch\/wp-content\/uploads\/2025\/05\/RO-15-2.jpg\" \/>\n\t<meta property=\"og:image:width\" content=\"1600\" \/>\n\t<meta property=\"og:image:height\" content=\"1068\" \/>\n\t<meta property=\"og:image:type\" content=\"image\/jpeg\" \/>\n<meta name=\"twitter:card\" content=\"summary_large_image\" \/>\n<meta name=\"twitter:label1\" content=\"Est. reading time\" \/>\n\t<meta name=\"twitter:data1\" content=\"1 minute\" \/>\n<script type=\"application\/ld+json\" class=\"yoast-schema-graph\">{\"@context\":\"https:\\\/\\\/schema.org\",\"@graph\":[{\"@type\":\"WebPage\",\"@id\":\"https:\\\/\\\/new.roundoffice.ch\\\/en\\\/realisations\\\/salle-de-conference\\\/\",\"url\":\"https:\\\/\\\/new.roundoffice.ch\\\/en\\\/realisations\\\/salle-de-conference\\\/\",\"name\":\"Portfolio Am\u00e9nagement & Mobilier Professionnel | Round Office\",\"isPartOf\":{\"@id\":\"https:\\\/\\\/new.roundoffice.ch\\\/en\\\/#website\"},\"primaryImageOfPage\":{\"@id\":\"https:\\\/\\\/new.roundoffice.ch\\\/en\\\/realisations\\\/salle-de-conference\\\/#primaryimage\"},\"image\":{\"@id\":\"https:\\\/\\\/new.roundoffice.ch\\\/en\\\/realisations\\\/salle-de-conference\\\/#primaryimage\"},\"thumbnailUrl\":\"https:\\\/\\\/new.roundoffice.ch\\\/wp-content\\\/uploads\\\/2025\\\/05\\\/RO-15-2.jpg\",\"datePublished\":\"2025-05-16T08:23:28+00:00\",\"dateModified\":\"2026-03-30T10:17:48+00:00\",\"description\":\"Explorez nos r\u00e9alisations \u00e0 Gen\u00e8ve : mobilier design, ergonomique et sur mesure pour bureaux professionnels\",\"breadcrumb\":{\"@id\":\"https:\\\/\\\/new.roundoffice.ch\\\/en\\\/realisations\\\/salle-de-conference\\\/#breadcrumb\"},\"inLanguage\":\"en-US\",\"potentialAction\":[{\"@type\":\"ReadAction\",\"target\":[\"https:\\\/\\\/new.roundoffice.ch\\\/en\\\/realisations\\\/salle-de-conference\\\/\"]}]},{\"@type\":\"ImageObject\",\"inLanguage\":\"en-US\",\"@id\":\"https:\\\/\\\/new.roundoffice.ch\\\/en\\\/realisations\\\/salle-de-conference\\\/#primaryimage\",\"url\":\"https:\\\/\\\/new.roundoffice.ch\\\/wp-content\\\/uploads\\\/2025\\\/05\\\/RO-15-2.jpg\",\"contentUrl\":\"https:\\\/\\\/new.roundoffice.ch\\\/wp-content\\\/uploads\\\/2025\\\/05\\\/RO-15-2.jpg\",\"width\":1600,\"height\":1068},{\"@type\":\"BreadcrumbList\",\"@id\":\"https:\\\/\\\/new.roundoffice.ch\\\/en\\\/realisations\\\/salle-de-conference\\\/#breadcrumb\",\"itemListElement\":[{\"@type\":\"ListItem\",\"position\":1,\"name\":\"Home\",\"item\":\"https:\\\/\\\/new.roundoffice.ch\\\/en\\\/\"},{\"@type\":\"ListItem\",\"position\":2,\"name\":\"R\u00e9alisations\",\"item\":\"https:\\\/\\\/new.roundoffice.ch\\\/en\\\/realisations\\\/\"},{\"@type\":\"ListItem\",\"position\":3,\"name\":\"BUREAU DE DIRECTION\"}]},{\"@type\":\"WebSite\",\"@id\":\"https:\\\/\\\/new.roundoffice.ch\\\/en\\\/#website\",\"url\":\"https:\\\/\\\/new.roundoffice.ch\\\/en\\\/\",\"name\":\"Round Office\",\"description\":\"\",\"publisher\":{\"@id\":\"https:\\\/\\\/new.roundoffice.ch\\\/en\\\/#organization\"},\"potentialAction\":[{\"@type\":\"SearchAction\",\"target\":{\"@type\":\"EntryPoint\",\"urlTemplate\":\"https:\\\/\\\/new.roundoffice.ch\\\/en\\\/?s={search_term_string}\"},\"query-input\":{\"@type\":\"PropertyValueSpecification\",\"valueRequired\":true,\"valueName\":\"search_term_string\"}}],\"inLanguage\":\"en-US\"},{\"@type\":\"Organization\",\"@id\":\"https:\\\/\\\/new.roundoffice.ch\\\/en\\\/#organization\",\"name\":\"Round Office\",\"url\":\"https:\\\/\\\/new.roundoffice.ch\\\/en\\\/\",\"logo\":{\"@type\":\"ImageObject\",\"inLanguage\":\"en-US\",\"@id\":\"https:\\\/\\\/new.roundoffice.ch\\\/en\\\/#\\\/schema\\\/logo\\\/image\\\/\",\"url\":\"https:\\\/\\\/new.roundoffice.ch\\\/wp-content\\\/uploads\\\/2025\\\/05\\\/logo.svg\",\"contentUrl\":\"https:\\\/\\\/new.roundoffice.ch\\\/wp-content\\\/uploads\\\/2025\\\/05\\\/logo.svg\",\"caption\":\"Round Office\"},\"image\":{\"@id\":\"https:\\\/\\\/new.roundoffice.ch\\\/en\\\/#\\\/schema\\\/logo\\\/image\\\/\"}}]}<\/script>\n<!-- \/ Yoast SEO plugin. -->","yoast_head_json":{"title":"Portfolio Am\u00e9nagement & Mobilier Professionnel | Round Office","description":"Explorez nos r\u00e9alisations \u00e0 Gen\u00e8ve : mobilier design, ergonomique et sur mesure pour bureaux professionnels","robots":{"index":"noindex","follow":"follow","max-snippet":"max-snippet:-1","max-image-preview":"max-image-preview:large","max-video-preview":"max-video-preview:-1"},"og_locale":"en_US","og_type":"article","og_title":"Portfolio Am\u00e9nagement & Mobilier Professionnel | Round Office","og_description":"Explorez nos r\u00e9alisations \u00e0 Gen\u00e8ve : mobilier design, ergonomique et sur mesure pour bureaux professionnels","og_url":"https:\/\/new.roundoffice.ch\/en\/realisations\/salle-de-conference\/","og_site_name":"Round Office","article_modified_time":"2026-03-30T10:17:48+00:00","og_image":[{"width":1600,"height":1068,"url":"https:\/\/new.roundoffice.ch\/wp-content\/uploads\/2025\/05\/RO-15-2.jpg","type":"image\/jpeg"}],"twitter_card":"summary_large_image","twitter_misc":{"Est. reading time":"1 minute"},"schema":{"@context":"https:\/\/schema.org","@graph":[{"@type":"WebPage","@id":"https:\/\/new.roundoffice.ch\/en\/realisations\/salle-de-conference\/","url":"https:\/\/new.roundoffice.ch\/en\/realisations\/salle-de-conference\/","name":"Portfolio Am\u00e9nagement & Mobilier Professionnel | Round Office","isPartOf":{"@id":"https:\/\/new.roundoffice.ch\/en\/#website"},"primaryImageOfPage":{"@id":"https:\/\/new.roundoffice.ch\/en\/realisations\/salle-de-conference\/#primaryimage"},"image":{"@id":"https:\/\/new.roundoffice.ch\/en\/realisations\/salle-de-conference\/#primaryimage"},"thumbnailUrl":"https:\/\/new.roundoffice.ch\/wp-content\/uploads\/2025\/05\/RO-15-2.jpg","datePublished":"2025-05-16T08:23:28+00:00","dateModified":"2026-03-30T10:17:48+00:00","description":"Explorez nos r\u00e9alisations \u00e0 Gen\u00e8ve : mobilier design, ergonomique et sur mesure pour bureaux professionnels","breadcrumb":{"@id":"https:\/\/new.roundoffice.ch\/en\/realisations\/salle-de-conference\/#breadcrumb"},"inLanguage":"en-US","potentialAction":[{"@type":"ReadAction","target":["https:\/\/new.roundoffice.ch\/en\/realisations\/salle-de-conference\/"]}]},{"@type":"ImageObject","inLanguage":"en-US","@id":"https:\/\/new.roundoffice.ch\/en\/realisations\/salle-de-conference\/#primaryimage","url":"https:\/\/new.roundoffice.ch\/wp-content\/uploads\/2025\/05\/RO-15-2.jpg","contentUrl":"https:\/\/new.roundoffice.ch\/wp-content\/uploads\/2025\/05\/RO-15-2.jpg","width":1600,"height":1068},{"@type":"BreadcrumbList","@id":"https:\/\/new.roundoffice.ch\/en\/realisations\/salle-de-conference\/#breadcrumb","itemListElement":[{"@type":"ListItem","position":1,"name":"Home","item":"https:\/\/new.roundoffice.ch\/en\/"},{"@type":"ListItem","position":2,"name":"R\u00e9alisations","item":"https:\/\/new.roundoffice.ch\/en\/realisations\/"},{"@type":"ListItem","position":3,"name":"BUREAU DE DIRECTION"}]},{"@type":"WebSite","@id":"https:\/\/new.roundoffice.ch\/en\/#website","url":"https:\/\/new.roundoffice.ch\/en\/","name":"Round Office","description":"","publisher":{"@id":"https:\/\/new.roundoffice.ch\/en\/#organization"},"potentialAction":[{"@type":"SearchAction","target":{"@type":"EntryPoint","urlTemplate":"https:\/\/new.roundoffice.ch\/en\/?s={search_term_string}"},"query-input":{"@type":"PropertyValueSpecification","valueRequired":true,"valueName":"search_term_string"}}],"inLanguage":"en-US"},{"@type":"Organization","@id":"https:\/\/new.roundoffice.ch\/en\/#organization","name":"Round Office","url":"https:\/\/new.roundoffice.ch\/en\/","logo":{"@type":"ImageObject","inLanguage":"en-US","@id":"https:\/\/new.roundoffice.ch\/en\/#\/schema\/logo\/image\/","url":"https:\/\/new.roundoffice.ch\/wp-content\/uploads\/2025\/05\/logo.svg","contentUrl":"https:\/\/new.roundoffice.ch\/wp-content\/uploads\/2025\/05\/logo.svg","caption":"Round Office"},"image":{"@id":"https:\/\/new.roundoffice.ch\/en\/#\/schema\/logo\/image\/"}}]}},"_links":{"self":[{"href":"https:\/\/new.roundoffice.ch\/en\/wp-json\/wp\/v2\/realisations\/508","targetHints":{"allow":["GET"]}}],"collection":[{"href":"https:\/\/new.roundoffice.ch\/en\/wp-json\/wp\/v2\/realisations"}],"about":[{"href":"https:\/\/new.roundoffice.ch\/en\/wp-json\/wp\/v2\/types\/realisations"}],"version-history":[{"count":10,"href":"https:\/\/new.roundoffice.ch\/en\/wp-json\/wp\/v2\/realisations\/508\/revisions"}],"predecessor-version":[{"id":5967,"href":"https:\/\/new.roundoffice.ch\/en\/wp-json\/wp\/v2\/realisations\/508\/revisions\/5967"}],"wp:featuredmedia":[{"embeddable":true,"href":"https:\/\/new.roundoffice.ch\/en\/wp-json\/wp\/v2\/media\/5888"}],"wp:attachment":[{"href":"https:\/\/new.roundoffice.ch\/en\/wp-json\/wp\/v2\/media?parent=508"}],"curies":[{"name":"wp","href":"https:\/\/api.w.org\/{rel}","templated":true}]}}