{"id":512,"date":"2025-05-16T08:23:40","date_gmt":"2025-05-16T08:23:40","guid":{"rendered":"https:\/\/new.roundoffice.ch\/?post_type=realisations&#038;p=512"},"modified":"2026-03-27T09:17:42","modified_gmt":"2026-03-27T09:17:42","slug":"salle-dattente","status":"publish","type":"realisations","link":"https:\/\/new.roundoffice.ch\/en\/realisations\/salle-dattente\/","title":{"rendered":"SABAG"},"content":{"rendered":"<p data-start=\"198\" data-end=\"352\"><em><span class=\"break-words\"><span dir=\"ltr\">Conseiller commercial\u00a0 : Lo\u00efc\u00a0<span class=\"mark4gthnojes\" data-markjs=\"true\" data-ogac=\"\" data-ogab=\"\" data-ogsc=\"\" data-ogsb=\"\">Navarro<\/span><\/span><\/span><\/em><br \/>\n<em><span class=\"break-words\"><span dir=\"ltr\">Architecte-dessinateur : Sophie Lacarelle<\/span><\/span><\/em><\/p>\n<p data-start=\"198\" data-end=\"352\"><span class=\"BZ_Pyq_fadeIn\">Notre <\/span><span class=\"BZ_Pyq_fadeIn\">projet <\/span><span class=\"BZ_Pyq_fadeIn\">a <\/span><span class=\"BZ_Pyq_fadeIn\">transform\u00e9 <\/span><span class=\"BZ_Pyq_fadeIn\">les <\/span><span class=\"BZ_Pyq_fadeIn\">espaces <\/span><span class=\"BZ_Pyq_fadeIn\">de <\/span><span class=\"BZ_Pyq_fadeIn\">travail <\/span><span class=\"BZ_Pyq_fadeIn\">en <\/span><span class=\"BZ_Pyq_fadeIn\">lieux <\/span><span class=\"BZ_Pyq_fadeIn\">\u00e0 <\/span><span class=\"BZ_Pyq_fadeIn\">la <\/span><span class=\"BZ_Pyq_fadeIn\">fois <\/span><span class=\"BZ_Pyq_fadeIn\">fonctionnels <\/span><span class=\"BZ_Pyq_fadeIn\">et <\/span><span class=\"BZ_Pyq_fadeIn\">esth\u00e9tiques, <\/span><span class=\"BZ_Pyq_fadeIn\">en <\/span><span class=\"BZ_Pyq_fadeIn\">int\u00e9grant <\/span><span class=\"BZ_Pyq_fadeIn\">chaque <\/span><span class=\"BZ_Pyq_fadeIn\">zone <\/span><span class=\"BZ_Pyq_fadeIn\">selon <\/span><span class=\"BZ_Pyq_fadeIn\">ses <\/span><span class=\"BZ_Pyq_fadeIn\">usages <\/span><span class=\"BZ_Pyq_fadeIn\">sp\u00e9cifiques :<\/span><\/p>\n<ul data-start=\"354\" data-end=\"845\">\n<li data-section-id=\"16ddt9o\" data-start=\"354\" data-end=\"531\">\n<p data-start=\"356\" data-end=\"531\"><strong data-start=\"356\" data-end=\"374\"><span class=\"BZ_Pyq_fadeIn\">Espace <\/span><span class=\"BZ_Pyq_fadeIn\">r\u00e9union<\/span><\/strong><span class=\"BZ_Pyq_fadeIn\"> : <\/span><span class=\"BZ_Pyq_fadeIn\">con\u00e7u <\/span><span class=\"BZ_Pyq_fadeIn\">pour <\/span><span class=\"BZ_Pyq_fadeIn\">accueillir <\/span><span class=\"BZ_Pyq_fadeIn\">des <\/span><span class=\"BZ_Pyq_fadeIn\">\u00e9changes <\/span><span class=\"BZ_Pyq_fadeIn\">productifs, <\/span><span class=\"BZ_Pyq_fadeIn\">avec <\/span><span class=\"BZ_Pyq_fadeIn\">des <\/span><span class=\"BZ_Pyq_fadeIn\">solutions <\/span><span class=\"BZ_Pyq_fadeIn\">modulables <\/span><span class=\"BZ_Pyq_fadeIn\">et <\/span><span class=\"BZ_Pyq_fadeIn\">un <\/span><span class=\"BZ_Pyq_fadeIn\">mobilier <\/span><span class=\"BZ_Pyq_fadeIn\">ergonomique <\/span><span class=\"BZ_Pyq_fadeIn\">favorisant <\/span><span class=\"BZ_Pyq_fadeIn\">la <\/span><span class=\"BZ_Pyq_fadeIn\">concentration <\/span><span class=\"BZ_Pyq_fadeIn\">et <\/span><span class=\"BZ_Pyq_fadeIn\">la <\/span><span class=\"BZ_Pyq_fadeIn\">collaboration.<\/span><\/p>\n<\/li>\n<li data-section-id=\"1joibjk\" data-start=\"532\" data-end=\"694\">\n<p data-start=\"534\" data-end=\"694\"><strong data-start=\"534\" data-end=\"562\"><span class=\"BZ_Pyq_fadeIn\">Bureaux <\/span><span class=\"BZ_Pyq_fadeIn\">des <\/span><span class=\"BZ_Pyq_fadeIn\">responsables<\/span><\/strong><span class=\"BZ_Pyq_fadeIn\"> : <\/span><span class=\"BZ_Pyq_fadeIn\">des <\/span><span class=\"BZ_Pyq_fadeIn\">espaces <\/span><span class=\"BZ_Pyq_fadeIn\">priv\u00e9s <\/span><span class=\"BZ_Pyq_fadeIn\">alliant <\/span><span class=\"BZ_Pyq_fadeIn\">confort <\/span><span class=\"BZ_Pyq_fadeIn\">et <\/span><span class=\"BZ_Pyq_fadeIn\">style, <\/span><span class=\"BZ_Pyq_fadeIn\">optimis\u00e9s <\/span><span class=\"BZ_Pyq_fadeIn\">pour <\/span><span class=\"BZ_Pyq_fadeIn\">le <\/span><span class=\"BZ_Pyq_fadeIn\">travail <\/span><span class=\"BZ_Pyq_fadeIn\">individuel <\/span><span class=\"BZ_Pyq_fadeIn\">tout <\/span><span class=\"BZ_Pyq_fadeIn\">en <\/span><span class=\"BZ_Pyq_fadeIn\">refl\u00e9tant <\/span><span class=\"BZ_Pyq_fadeIn\">l\u2019identit\u00e9 <\/span><span class=\"BZ_Pyq_fadeIn\">de <\/span><span class=\"BZ_Pyq_fadeIn\">l\u2019entreprise.<\/span><\/p>\n<\/li>\n<li data-section-id=\"6ihzlb\" data-start=\"695\" data-end=\"845\">\n<p data-start=\"697\" data-end=\"845\"><strong data-start=\"697\" data-end=\"711\"><span class=\"BZ_Pyq_fadeIn\">Open <\/span><span class=\"BZ_Pyq_fadeIn\">space<\/span><\/strong><span class=\"BZ_Pyq_fadeIn\"> : <\/span><span class=\"BZ_Pyq_fadeIn\">un <\/span><span class=\"BZ_Pyq_fadeIn\">environnement <\/span><span class=\"BZ_Pyq_fadeIn\">ouvert <\/span><span class=\"BZ_Pyq_fadeIn\">favorisant <\/span><span class=\"BZ_Pyq_fadeIn\">la <\/span><span class=\"BZ_Pyq_fadeIn\">communication, <\/span><span class=\"BZ_Pyq_fadeIn\">avec <\/span><span class=\"BZ_Pyq_fadeIn\">des <\/span><span class=\"BZ_Pyq_fadeIn\">postes <\/span><span class=\"BZ_Pyq_fadeIn\">de <\/span><span class=\"BZ_Pyq_fadeIn\">travail <\/span><span class=\"BZ_Pyq_fadeIn\">ergonomiques <\/span><span class=\"BZ_Pyq_fadeIn\">et <\/span><span class=\"BZ_Pyq_fadeIn\">des <\/span><span class=\"BZ_Pyq_fadeIn\">zones <\/span><span class=\"BZ_Pyq_fadeIn\">de <\/span><span class=\"BZ_Pyq_fadeIn\">circulation <\/span><span class=\"BZ_Pyq_fadeIn\">fluides.<\/span><\/p>\n<\/li>\n<\/ul>\n<p data-start=\"847\" data-end=\"1154\"><span class=\"BZ_Pyq_fadeIn\">Pour <\/span><span class=\"BZ_Pyq_fadeIn\">chaque <\/span><span class=\"BZ_Pyq_fadeIn\">espace, <\/span><span class=\"BZ_Pyq_fadeIn\">nous <\/span><span class=\"BZ_Pyq_fadeIn\">avons <\/span><span class=\"BZ_Pyq_fadeIn\">mis <\/span><strong data-start=\"882\" data-end=\"913\"><span class=\"BZ_Pyq_fadeIn\">le <\/span><span class=\"BZ_Pyq_fadeIn\">mobilier <\/span><span class=\"BZ_Pyq_fadeIn\">USM <\/span><span class=\"BZ_Pyq_fadeIn\">\u00e0 <\/span><span class=\"BZ_Pyq_fadeIn\">l\u2019honneur<\/span><\/strong><span class=\"BZ_Pyq_fadeIn\">, <\/span><span class=\"BZ_Pyq_fadeIn\">en <\/span><span class=\"BZ_Pyq_fadeIn\">particulier <\/span><span class=\"BZ_Pyq_fadeIn\">dans <\/span><span class=\"BZ_Pyq_fadeIn\">des <\/span><span class=\"BZ_Pyq_fadeIn\">tons <\/span><strong data-start=\"944\" data-end=\"958\"><span class=\"BZ_Pyq_fadeIn\">vert <\/span><span class=\"BZ_Pyq_fadeIn\">olive<\/span><\/strong><span class=\"BZ_Pyq_fadeIn\">. <\/span><span class=\"BZ_Pyq_fadeIn\">Ces <\/span><span class=\"BZ_Pyq_fadeIn\">pi\u00e8ces <\/span><span class=\"BZ_Pyq_fadeIn\">embl\u00e9matiques <\/span><span class=\"BZ_Pyq_fadeIn\">assurent <\/span><span class=\"BZ_Pyq_fadeIn\">non <\/span><span class=\"BZ_Pyq_fadeIn\">seulement <\/span><span class=\"BZ_Pyq_fadeIn\">un <\/span><strong data-start=\"1011\" data-end=\"1036\"><span class=\"BZ_Pyq_fadeIn\">rangement <\/span><span class=\"BZ_Pyq_fadeIn\">intelligent<\/span><\/strong><span class=\"BZ_Pyq_fadeIn\">, <\/span><span class=\"BZ_Pyq_fadeIn\">mais <\/span><span class=\"BZ_Pyq_fadeIn\">apportent <\/span><span class=\"BZ_Pyq_fadeIn\">\u00e9galement <\/span><span class=\"BZ_Pyq_fadeIn\">une <\/span><strong data-start=\"1067\" data-end=\"1102\"><span class=\"BZ_Pyq_fadeIn\">esth\u00e9tique <\/span><span class=\"BZ_Pyq_fadeIn\">moderne <\/span><span class=\"BZ_Pyq_fadeIn\">et <\/span><span class=\"BZ_Pyq_fadeIn\">coh\u00e9rente<\/span><\/strong> <span class=\"BZ_Pyq_fadeIn\">qui <\/span><span class=\"BZ_Pyq_fadeIn\">structure <\/span><span class=\"BZ_Pyq_fadeIn\">visuellement <\/span><span class=\"BZ_Pyq_fadeIn\">l\u2019ensemble <\/span><span class=\"BZ_Pyq_fadeIn\">des <\/span><span class=\"BZ_Pyq_fadeIn\">locaux.<\/span><\/p>\n<p data-start=\"1156\" data-end=\"1336\"><span class=\"BZ_Pyq_fadeIn\">Chaque <\/span><span class=\"BZ_Pyq_fadeIn\">d\u00e9tail <\/span><span class=\"BZ_Pyq_fadeIn\">a <\/span><span class=\"BZ_Pyq_fadeIn\">\u00e9t\u00e9 <\/span><span class=\"BZ_Pyq_fadeIn\">pens\u00e9 <\/span><span class=\"BZ_Pyq_fadeIn\">pour <\/span><span class=\"BZ_Pyq_fadeIn\">cr\u00e9er <\/span><span class=\"BZ_Pyq_fadeIn\">un <\/span><strong data-start=\"1196\" data-end=\"1248\"><span class=\"BZ_Pyq_fadeIn\">\u00e9quilibre <\/span><span class=\"BZ_Pyq_fadeIn\">parfait <\/span><span class=\"BZ_Pyq_fadeIn\">entre <\/span><span class=\"BZ_Pyq_fadeIn\">fonctionnalit\u00e9 <\/span><span class=\"BZ_Pyq_fadeIn\">et <\/span><span class=\"BZ_Pyq_fadeIn\">design<\/span><\/strong><span class=\"BZ_Pyq_fadeIn\">, <\/span><span class=\"BZ_Pyq_fadeIn\">transformant <\/span><span class=\"BZ_Pyq_fadeIn\">le <\/span><span class=\"BZ_Pyq_fadeIn\">lieu <\/span><span class=\"BZ_Pyq_fadeIn\">de <\/span><span class=\"BZ_Pyq_fadeIn\">travail <\/span><span class=\"BZ_Pyq_fadeIn\">en <\/span><span class=\"BZ_Pyq_fadeIn\">un <\/span><span class=\"BZ_Pyq_fadeIn\">environnement <\/span><span class=\"BZ_Pyq_fadeIn\">agr\u00e9able, <\/span><span class=\"BZ_Pyq_fadeIn\">inspirant <\/span><span class=\"BZ_Pyq_fadeIn\">et <\/span><span class=\"BZ_Pyq_fadeIn\">organis\u00e9.<\/span><\/p>\n","protected":false},"featured_media":0,"template":"","class_list":["post-512","realisations","type-realisations","status-publish","hentry"],"acf":[],"yoast_head":"<!-- This site is optimized with the Yoast SEO plugin v27.4 - https:\/\/yoast.com\/product\/yoast-seo-wordpress\/ -->\n<title>Portfolio Am\u00e9nagement &amp; Mobilier Professionnel | Round Office<\/title>\n<meta name=\"description\" content=\"Explorez nos r\u00e9alisations \u00e0 Gen\u00e8ve : mobilier design, ergonomique et sur mesure pour bureaux professionnels\" \/>\n<meta name=\"robots\" content=\"noindex, follow, max-snippet:-1, max-image-preview:large, max-video-preview:-1\" \/>\n<meta property=\"og:locale\" content=\"en_US\" \/>\n<meta property=\"og:type\" content=\"article\" \/>\n<meta property=\"og:title\" content=\"Portfolio Am\u00e9nagement &amp; Mobilier Professionnel | Round Office\" \/>\n<meta property=\"og:description\" content=\"Explorez nos r\u00e9alisations \u00e0 Gen\u00e8ve : mobilier design, ergonomique et sur mesure pour bureaux professionnels\" \/>\n<meta property=\"og:url\" content=\"https:\/\/new.roundoffice.ch\/en\/realisations\/salle-dattente\/\" \/>\n<meta property=\"og:site_name\" content=\"Round Office\" \/>\n<meta property=\"article:modified_time\" content=\"2026-03-27T09:17:42+00:00\" \/>\n<meta name=\"twitter:card\" content=\"summary_large_image\" \/>\n<meta name=\"twitter:label1\" content=\"Est. reading time\" \/>\n\t<meta name=\"twitter:data1\" content=\"1 minute\" \/>\n<script type=\"application\/ld+json\" class=\"yoast-schema-graph\">{\"@context\":\"https:\\\/\\\/schema.org\",\"@graph\":[{\"@type\":\"WebPage\",\"@id\":\"https:\\\/\\\/new.roundoffice.ch\\\/en\\\/realisations\\\/salle-dattente\\\/\",\"url\":\"https:\\\/\\\/new.roundoffice.ch\\\/en\\\/realisations\\\/salle-dattente\\\/\",\"name\":\"Portfolio Am\u00e9nagement & Mobilier Professionnel | Round Office\",\"isPartOf\":{\"@id\":\"https:\\\/\\\/new.roundoffice.ch\\\/en\\\/#website\"},\"datePublished\":\"2025-05-16T08:23:40+00:00\",\"dateModified\":\"2026-03-27T09:17:42+00:00\",\"description\":\"Explorez nos r\u00e9alisations \u00e0 Gen\u00e8ve : mobilier design, ergonomique et sur mesure pour bureaux professionnels\",\"breadcrumb\":{\"@id\":\"https:\\\/\\\/new.roundoffice.ch\\\/en\\\/realisations\\\/salle-dattente\\\/#breadcrumb\"},\"inLanguage\":\"en-US\",\"potentialAction\":[{\"@type\":\"ReadAction\",\"target\":[\"https:\\\/\\\/new.roundoffice.ch\\\/en\\\/realisations\\\/salle-dattente\\\/\"]}]},{\"@type\":\"BreadcrumbList\",\"@id\":\"https:\\\/\\\/new.roundoffice.ch\\\/en\\\/realisations\\\/salle-dattente\\\/#breadcrumb\",\"itemListElement\":[{\"@type\":\"ListItem\",\"position\":1,\"name\":\"Home\",\"item\":\"https:\\\/\\\/new.roundoffice.ch\\\/en\\\/\"},{\"@type\":\"ListItem\",\"position\":2,\"name\":\"R\u00e9alisations\",\"item\":\"https:\\\/\\\/new.roundoffice.ch\\\/en\\\/realisations\\\/\"},{\"@type\":\"ListItem\",\"position\":3,\"name\":\"SABAG\"}]},{\"@type\":\"WebSite\",\"@id\":\"https:\\\/\\\/new.roundoffice.ch\\\/en\\\/#website\",\"url\":\"https:\\\/\\\/new.roundoffice.ch\\\/en\\\/\",\"name\":\"Round Office\",\"description\":\"\",\"publisher\":{\"@id\":\"https:\\\/\\\/new.roundoffice.ch\\\/en\\\/#organization\"},\"potentialAction\":[{\"@type\":\"SearchAction\",\"target\":{\"@type\":\"EntryPoint\",\"urlTemplate\":\"https:\\\/\\\/new.roundoffice.ch\\\/en\\\/?s={search_term_string}\"},\"query-input\":{\"@type\":\"PropertyValueSpecification\",\"valueRequired\":true,\"valueName\":\"search_term_string\"}}],\"inLanguage\":\"en-US\"},{\"@type\":\"Organization\",\"@id\":\"https:\\\/\\\/new.roundoffice.ch\\\/en\\\/#organization\",\"name\":\"Round Office\",\"url\":\"https:\\\/\\\/new.roundoffice.ch\\\/en\\\/\",\"logo\":{\"@type\":\"ImageObject\",\"inLanguage\":\"en-US\",\"@id\":\"https:\\\/\\\/new.roundoffice.ch\\\/en\\\/#\\\/schema\\\/logo\\\/image\\\/\",\"url\":\"https:\\\/\\\/new.roundoffice.ch\\\/wp-content\\\/uploads\\\/2025\\\/05\\\/logo.svg\",\"contentUrl\":\"https:\\\/\\\/new.roundoffice.ch\\\/wp-content\\\/uploads\\\/2025\\\/05\\\/logo.svg\",\"caption\":\"Round Office\"},\"image\":{\"@id\":\"https:\\\/\\\/new.roundoffice.ch\\\/en\\\/#\\\/schema\\\/logo\\\/image\\\/\"}}]}<\/script>\n<!-- \/ Yoast SEO plugin. -->","yoast_head_json":{"title":"Portfolio Am\u00e9nagement & Mobilier Professionnel | Round Office","description":"Explorez nos r\u00e9alisations \u00e0 Gen\u00e8ve : mobilier design, ergonomique et sur mesure pour bureaux professionnels","robots":{"index":"noindex","follow":"follow","max-snippet":"max-snippet:-1","max-image-preview":"max-image-preview:large","max-video-preview":"max-video-preview:-1"},"og_locale":"en_US","og_type":"article","og_title":"Portfolio Am\u00e9nagement & Mobilier Professionnel | Round Office","og_description":"Explorez nos r\u00e9alisations \u00e0 Gen\u00e8ve : mobilier design, ergonomique et sur mesure pour bureaux professionnels","og_url":"https:\/\/new.roundoffice.ch\/en\/realisations\/salle-dattente\/","og_site_name":"Round Office","article_modified_time":"2026-03-27T09:17:42+00:00","twitter_card":"summary_large_image","twitter_misc":{"Est. reading time":"1 minute"},"schema":{"@context":"https:\/\/schema.org","@graph":[{"@type":"WebPage","@id":"https:\/\/new.roundoffice.ch\/en\/realisations\/salle-dattente\/","url":"https:\/\/new.roundoffice.ch\/en\/realisations\/salle-dattente\/","name":"Portfolio Am\u00e9nagement & Mobilier Professionnel | Round Office","isPartOf":{"@id":"https:\/\/new.roundoffice.ch\/en\/#website"},"datePublished":"2025-05-16T08:23:40+00:00","dateModified":"2026-03-27T09:17:42+00:00","description":"Explorez nos r\u00e9alisations \u00e0 Gen\u00e8ve : mobilier design, ergonomique et sur mesure pour bureaux professionnels","breadcrumb":{"@id":"https:\/\/new.roundoffice.ch\/en\/realisations\/salle-dattente\/#breadcrumb"},"inLanguage":"en-US","potentialAction":[{"@type":"ReadAction","target":["https:\/\/new.roundoffice.ch\/en\/realisations\/salle-dattente\/"]}]},{"@type":"BreadcrumbList","@id":"https:\/\/new.roundoffice.ch\/en\/realisations\/salle-dattente\/#breadcrumb","itemListElement":[{"@type":"ListItem","position":1,"name":"Home","item":"https:\/\/new.roundoffice.ch\/en\/"},{"@type":"ListItem","position":2,"name":"R\u00e9alisations","item":"https:\/\/new.roundoffice.ch\/en\/realisations\/"},{"@type":"ListItem","position":3,"name":"SABAG"}]},{"@type":"WebSite","@id":"https:\/\/new.roundoffice.ch\/en\/#website","url":"https:\/\/new.roundoffice.ch\/en\/","name":"Round Office","description":"","publisher":{"@id":"https:\/\/new.roundoffice.ch\/en\/#organization"},"potentialAction":[{"@type":"SearchAction","target":{"@type":"EntryPoint","urlTemplate":"https:\/\/new.roundoffice.ch\/en\/?s={search_term_string}"},"query-input":{"@type":"PropertyValueSpecification","valueRequired":true,"valueName":"search_term_string"}}],"inLanguage":"en-US"},{"@type":"Organization","@id":"https:\/\/new.roundoffice.ch\/en\/#organization","name":"Round Office","url":"https:\/\/new.roundoffice.ch\/en\/","logo":{"@type":"ImageObject","inLanguage":"en-US","@id":"https:\/\/new.roundoffice.ch\/en\/#\/schema\/logo\/image\/","url":"https:\/\/new.roundoffice.ch\/wp-content\/uploads\/2025\/05\/logo.svg","contentUrl":"https:\/\/new.roundoffice.ch\/wp-content\/uploads\/2025\/05\/logo.svg","caption":"Round Office"},"image":{"@id":"https:\/\/new.roundoffice.ch\/en\/#\/schema\/logo\/image\/"}}]}},"_links":{"self":[{"href":"https:\/\/new.roundoffice.ch\/en\/wp-json\/wp\/v2\/realisations\/512","targetHints":{"allow":["GET"]}}],"collection":[{"href":"https:\/\/new.roundoffice.ch\/en\/wp-json\/wp\/v2\/realisations"}],"about":[{"href":"https:\/\/new.roundoffice.ch\/en\/wp-json\/wp\/v2\/types\/realisations"}],"version-history":[{"count":10,"href":"https:\/\/new.roundoffice.ch\/en\/wp-json\/wp\/v2\/realisations\/512\/revisions"}],"predecessor-version":[{"id":5905,"href":"https:\/\/new.roundoffice.ch\/en\/wp-json\/wp\/v2\/realisations\/512\/revisions\/5905"}],"wp:attachment":[{"href":"https:\/\/new.roundoffice.ch\/en\/wp-json\/wp\/v2\/media?parent=512"}],"curies":[{"name":"wp","href":"https:\/\/api.w.org\/{rel}","templated":true}]}}